{"id":154,"date":"2023-05-12T02:18:58","date_gmt":"2023-05-12T02:18:58","guid":{"rendered":"https:\/\/mavisionglobal.org\/?page_id=154"},"modified":"2023-11-22T01:20:50","modified_gmt":"2023-11-22T01:20:50","slug":"ministerios","status":"publish","type":"page","link":"https:\/\/mavisionglobal.org\/?page_id=154","title":{"rendered":"Ministerios"},"content":{"rendered":"\n<div class=\"wp-block-cover is-light has-custom-content-position is-position-bottom-left\"><span aria-hidden=\"true\" class=\"wp-block-cover__background has-background-dim\"><\/span><img fetchpriority=\"high\" decoding=\"async\" width=\"1280\" height=\"591\" class=\"wp-block-cover__image-background wp-image-1077\" alt=\"\" src=\"https:\/\/mavisionglobal.org\/wp-content\/uploads\/2023\/11\/banner-3-ministerios-photo_2023-11-21_21-05-30.jpg\" data-object-fit=\"cover\" srcset=\"https:\/\/mavisionglobal.org\/wp-content\/uploads\/2023\/11\/banner-3-ministerios-photo_2023-11-21_21-05-30.jpg 1280w, https:\/\/mavisionglobal.org\/wp-content\/uploads\/2023\/11\/banner-3-ministerios-photo_2023-11-21_21-05-30-300x139.jpg 300w, https:\/\/mavisionglobal.org\/wp-content\/uploads\/2023\/11\/banner-3-ministerios-photo_2023-11-21_21-05-30-1024x473.jpg 1024w, https:\/\/mavisionglobal.org\/wp-content\/uploads\/2023\/11\/banner-3-ministerios-photo_2023-11-21_21-05-30-768x355.jpg 768w\" sizes=\"(max-width: 1280px) 100vw, 1280px\" \/><div class=\"wp-block-cover__inner-container is-layout-flow wp-block-cover-is-layout-flow\">\n<p class=\"has-text-align-center has-large-font-size\"><strong><mark style=\"background-color:rgba(0, 0, 0, 0)\" class=\"has-inline-color has-base-color\">Nuestros Ministerios<\/mark><\/strong><\/p>\n<\/div><\/div>\n\n\n\n<p><\/p>\n\n\n\n<div class=\"wp-block-group has-border-color has-base-border-color has-global-padding is-layout-constrained wp-block-group-is-layout-constrained\">\n<div class=\"wp-block-columns is-layout-flex wp-container-core-columns-is-layout-28f84493 wp-block-columns-is-layout-flex\">\n<div class=\"wp-block-column is-layout-flow wp-block-column-is-layout-flow\">\n<div class=\"wp-block-group has-global-padding is-layout-constrained wp-block-group-is-layout-constrained\">\n<div class=\"wp-block-group has-global-padding is-layout-constrained wp-block-group-is-layout-constrained\">\n<figure class=\"wp-block-image size-full zoom\"><img decoding=\"async\" width=\"1080\" height=\"1080\" src=\"https:\/\/mavisionglobal.org\/wp-content\/uploads\/2023\/11\/ministerio-adoracion.jpeg\" alt=\"\" class=\"wp-image-989\" srcset=\"https:\/\/mavisionglobal.org\/wp-content\/uploads\/2023\/11\/ministerio-adoracion.jpeg 1080w, https:\/\/mavisionglobal.org\/wp-content\/uploads\/2023\/11\/ministerio-adoracion-300x300.jpeg 300w, https:\/\/mavisionglobal.org\/wp-content\/uploads\/2023\/11\/ministerio-adoracion-1024x1024.jpeg 1024w, https:\/\/mavisionglobal.org\/wp-content\/uploads\/2023\/11\/ministerio-adoracion-150x150.jpeg 150w, https:\/\/mavisionglobal.org\/wp-content\/uploads\/2023\/11\/ministerio-adoracion-768x768.jpeg 768w\" sizes=\"(max-width: 1080px) 100vw, 1080px\" \/><\/figure>\n\n\n\n<h5 class=\"wp-block-heading has-text-align-center\"><a href=\"#\" target=\"_blank\" rel=\"noreferrer noopener\">Ministerio de Adoraci\u00f3n<\/a><\/h5>\n\n\n\n<p style=\"font-style:normal;font-weight:700\">L\u00edder Renier Valera<\/p>\n\n\n\n<p>Se encarga todo lo relacionado con el \u00e1rea musical de nuestro ministerio, como dice la palabra en \u00c9xodo 23:25: \u00abAdora al Se\u00f1or tu Dios, y \u00e9l bendecir\u00e1 tu pan y tu agua\u00bb.<\/p>\n<\/div>\n<\/div>\n<\/div>\n\n\n\n<div class=\"wp-block-column is-layout-flow wp-block-column-is-layout-flow\">\n<div class=\"wp-block-group has-global-padding is-layout-constrained wp-block-group-is-layout-constrained\">\n<figure class=\"wp-block-image size-full is-resized zoom\"><img decoding=\"async\" width=\"432\" height=\"432\" src=\"https:\/\/mavisionglobal.org\/wp-content\/uploads\/2023\/11\/ministerio-de-familia-portada-ultima-13-NOV-23-1x1-1.jpeg\" alt=\"\" class=\"wp-image-1067\" style=\"aspect-ratio:1;object-fit:cover;width:306px;height:auto\" srcset=\"https:\/\/mavisionglobal.org\/wp-content\/uploads\/2023\/11\/ministerio-de-familia-portada-ultima-13-NOV-23-1x1-1.jpeg 432w, https:\/\/mavisionglobal.org\/wp-content\/uploads\/2023\/11\/ministerio-de-familia-portada-ultima-13-NOV-23-1x1-1-300x300.jpeg 300w, https:\/\/mavisionglobal.org\/wp-content\/uploads\/2023\/11\/ministerio-de-familia-portada-ultima-13-NOV-23-1x1-1-150x150.jpeg 150w\" sizes=\"(max-width: 432px) 100vw, 432px\" \/><\/figure>\n<\/div>\n\n\n\n<h5 class=\"wp-block-heading has-text-align-center\">Ministerio de Familia<\/h5>\n\n\n\n<p style=\"font-style:normal;font-weight:700\">L\u00edderes Winder y Gissette de Blanco<\/p>\n\n\n\n<p>Se encarga de realizar consejer\u00eda de matrimonio, taller para familias, taller para nuevos matrimonios, consejer\u00eda de padres y representantes y familiares. Bodas eclesi\u00e1sticas y&nbsp; presentaci\u00f3n de ni\u00f1os y ni\u00f1as.                     Que la familia este formada en la roca es nuestra misi\u00f3n, que en cada hogar no falte la luz del Esp\u00edritu Santo.<\/p>\n<\/div>\n\n\n\n<div class=\"wp-block-column is-layout-flow wp-block-column-is-layout-flow\">\n<figure class=\"wp-block-image size-full zoom\"><img loading=\"lazy\" decoding=\"async\" width=\"1080\" height=\"474\" src=\"https:\/\/mavisionglobal.org\/wp-content\/uploads\/2023\/10\/ministerio-arte-_2.jpeg\" alt=\"\" class=\"wp-image-899\" style=\"aspect-ratio:1;object-fit:cover\" srcset=\"https:\/\/mavisionglobal.org\/wp-content\/uploads\/2023\/10\/ministerio-arte-_2.jpeg 1080w, https:\/\/mavisionglobal.org\/wp-content\/uploads\/2023\/10\/ministerio-arte-_2-300x132.jpeg 300w, https:\/\/mavisionglobal.org\/wp-content\/uploads\/2023\/10\/ministerio-arte-_2-1024x449.jpeg 1024w, https:\/\/mavisionglobal.org\/wp-content\/uploads\/2023\/10\/ministerio-arte-_2-768x337.jpeg 768w\" sizes=\"(max-width: 1080px) 100vw, 1080px\" \/><\/figure>\n\n\n\n<h5 class=\"wp-block-heading has-text-align-center\"><a href=\"https:\/\/mavisionglobal.org\/?page_id=902\" data-type=\"page\" data-id=\"902\" target=\"_blank\" rel=\"noreferrer noopener\">Ministerio de Arte y Baile<\/a><\/h5>\n\n\n\n<p style=\"font-style:normal;font-weight:700\">L\u00edder Erika V\u00e1squez<\/p>\n\n\n\n<p>Ministerio de artes de visi\u00f3n global tiene el objetivo de manifestar la gloria de Dios, llevar el evangelio, quebrantar los corazones y atraer acotaci\u00f3n al arrepentimiento, a la fe, a la gracia a trav\u00e9s de las artes y de la danza. <a href=\"https:\/\/mavisionglobal.org\/?page_id=902\" data-type=\"page\" data-id=\"902\" target=\"_blank\" rel=\"noreferrer noopener\"><mark style=\"background-color:rgba(0, 0, 0, 0);color:#e20109\" class=\"has-inline-color\">Ver m\u00e1s<\/mark><\/a>.<\/p>\n<\/div>\n<\/div>\n<\/div>\n\n\n\n<div class=\"wp-block-group has-global-padding is-layout-constrained wp-block-group-is-layout-constrained\">\n<div class=\"wp-block-columns is-layout-flex wp-container-core-columns-is-layout-28f84493 wp-block-columns-is-layout-flex\">\n<div class=\"wp-block-column is-layout-flow wp-block-column-is-layout-flow\">\n<div class=\"wp-block-group has-global-padding is-layout-constrained wp-block-group-is-layout-constrained\">\n<figure class=\"wp-block-image size-full zoom\"><img loading=\"lazy\" decoding=\"async\" width=\"1000\" height=\"750\" src=\"https:\/\/mavisionglobal.org\/wp-content\/uploads\/2023\/11\/ministerio-de-ninos-_1.jpeg\" alt=\"\" class=\"wp-image-1042\" style=\"aspect-ratio:1;object-fit:cover\" srcset=\"https:\/\/mavisionglobal.org\/wp-content\/uploads\/2023\/11\/ministerio-de-ninos-_1.jpeg 1000w, https:\/\/mavisionglobal.org\/wp-content\/uploads\/2023\/11\/ministerio-de-ninos-_1-300x225.jpeg 300w, https:\/\/mavisionglobal.org\/wp-content\/uploads\/2023\/11\/ministerio-de-ninos-_1-768x576.jpeg 768w\" sizes=\"(max-width: 1000px) 100vw, 1000px\" \/><\/figure>\n<\/div>\n\n\n\n<h5 class=\"wp-block-heading has-text-align-center\">Ministerio de Ni\u00f1os<\/h5>\n\n\n\n<p style=\"font-style:normal;font-weight:700\">L\u00edderes Daniel y Yajaira de Qui\u00f1ones<\/p>\n\n\n\n<p>Este ministerio son los garantes de formar y ense\u00f1ar a cada ni\u00f1o con el mensaje del evangelio a fin de que los ni\u00f1os crezcan con el conocimiento de la palabra de Dios y as\u00ed formar hijos disc\u00edpulos funcionales en el reino y la sociedad, basado en la palabra que dice:&nbsp; \u00abInstruye al ni\u00f1o en su camino, Y aun cuando fuere viejo no se apartar\u00e1 de \u00e9l\u201d Proverbios 22:6.<\/p>\n<\/div>\n\n\n\n<div class=\"wp-block-column is-layout-flow wp-block-column-is-layout-flow\">\n<figure class=\"wp-block-image size-full zoom\"><img loading=\"lazy\" decoding=\"async\" width=\"1080\" height=\"916\" src=\"https:\/\/mavisionglobal.org\/wp-content\/uploads\/2023\/11\/ministerio-de-discipulado.jpeg\" alt=\"\" class=\"wp-image-979\" style=\"aspect-ratio:1;object-fit:cover\" srcset=\"https:\/\/mavisionglobal.org\/wp-content\/uploads\/2023\/11\/ministerio-de-discipulado.jpeg 1080w, https:\/\/mavisionglobal.org\/wp-content\/uploads\/2023\/11\/ministerio-de-discipulado-300x254.jpeg 300w, https:\/\/mavisionglobal.org\/wp-content\/uploads\/2023\/11\/ministerio-de-discipulado-1024x869.jpeg 1024w, https:\/\/mavisionglobal.org\/wp-content\/uploads\/2023\/11\/ministerio-de-discipulado-768x651.jpeg 768w\" sizes=\"(max-width: 1080px) 100vw, 1080px\" \/><\/figure>\n\n\n\n<h5 class=\"wp-block-heading has-text-align-center\">Ministerio de Discipulado<\/h5>\n\n\n\n<p style=\"font-style:normal;font-weight:700\">L\u00edderes Edwin y Marianela de Fontalvo<\/p>\n\n\n\n<p>Se encarga de recibir a las nuevas vidas, consolidar su formaci\u00f3n en escuela de equipamiento, ubicarlos en las c\u00e9lulas seg\u00fan el territorio donde viva y hacer seguimiento para formar futuros l\u00edderes, adem\u00e1s de ubicarlos en los diferentes Ministerios, seg\u00fan la persona lo desee.  Nuestro objetivo es cuidar del fruto que el SE\u00d1OR nos entrega, hacer que se multiplique y prevalezca.<\/p>\n<\/div>\n\n\n\n<div class=\"wp-block-column has-global-padding is-layout-constrained wp-block-column-is-layout-constrained\">\n<figure class=\"wp-block-image size-full zoom\"><img loading=\"lazy\" decoding=\"async\" width=\"1280\" height=\"1280\" src=\"https:\/\/mavisionglobal.org\/wp-content\/uploads\/2023\/11\/ministerio-de-imagen.jpeg\" alt=\"\" class=\"wp-image-997\" srcset=\"https:\/\/mavisionglobal.org\/wp-content\/uploads\/2023\/11\/ministerio-de-imagen.jpeg 1280w, https:\/\/mavisionglobal.org\/wp-content\/uploads\/2023\/11\/ministerio-de-imagen-300x300.jpeg 300w, https:\/\/mavisionglobal.org\/wp-content\/uploads\/2023\/11\/ministerio-de-imagen-1024x1024.jpeg 1024w, https:\/\/mavisionglobal.org\/wp-content\/uploads\/2023\/11\/ministerio-de-imagen-150x150.jpeg 150w, https:\/\/mavisionglobal.org\/wp-content\/uploads\/2023\/11\/ministerio-de-imagen-768x768.jpeg 768w\" sizes=\"(max-width: 1280px) 100vw, 1280px\" \/><\/figure>\n\n\n\n<h5 class=\"wp-block-heading has-text-align-center\">Ministerio de Imagen<\/h5>\n\n\n\n<p style=\"font-style:normal;font-weight:700\">L\u00edder Rafmary Ugueto<\/p>\n\n\n\n<p>El Ministerio de Imagen est\u00e1 conformado por\u00a0 un grupo de l\u00edderes el cual\u00a0 el Se\u00f1or le entreg\u00f3 y desarroll\u00f3 dones y talentos\u00a0 para su obra. Se encarga de decorar los espacios del templo; creando y dise\u00f1ando\u00a0 ambientes para las diversas actividades llevadas a cabo durante el a\u00f1o tales como: fiestas de las primicias, cumplea\u00f1os de nuestros\u00a0 padres espirituales, encuentro, conferencias, d\u00eda de la madre, del padre y de los ni\u00f1os, santa cena, aniversarios, eventos de hombres y\/o mujeres, navidad, entre otras actividades.<\/p>\n<\/div>\n<\/div>\n<\/div>\n\n\n\n<div class=\"wp-block-group has-global-padding is-layout-constrained wp-block-group-is-layout-constrained\">\n<div class=\"wp-block-columns is-layout-flex wp-container-core-columns-is-layout-28f84493 wp-block-columns-is-layout-flex\">\n<div class=\"wp-block-column is-layout-flow wp-block-column-is-layout-flow\">\n<div class=\"wp-block-group has-global-padding is-layout-constrained wp-block-group-is-layout-constrained\">\n<figure class=\"wp-block-image size-large zoom\"><img loading=\"lazy\" decoding=\"async\" width=\"1024\" height=\"1024\" src=\"https:\/\/mavisionglobal.org\/wp-content\/uploads\/2023\/11\/ministerio-intersecion-portada-ultima-13.11.2023-1024x1024.jpeg\" alt=\"\" class=\"wp-image-1068\" srcset=\"https:\/\/mavisionglobal.org\/wp-content\/uploads\/2023\/11\/ministerio-intersecion-portada-ultima-13.11.2023-1024x1024.jpeg 1024w, https:\/\/mavisionglobal.org\/wp-content\/uploads\/2023\/11\/ministerio-intersecion-portada-ultima-13.11.2023-300x300.jpeg 300w, https:\/\/mavisionglobal.org\/wp-content\/uploads\/2023\/11\/ministerio-intersecion-portada-ultima-13.11.2023-150x150.jpeg 150w, https:\/\/mavisionglobal.org\/wp-content\/uploads\/2023\/11\/ministerio-intersecion-portada-ultima-13.11.2023-768x768.jpeg 768w, https:\/\/mavisionglobal.org\/wp-content\/uploads\/2023\/11\/ministerio-intersecion-portada-ultima-13.11.2023.jpeg 1280w\" sizes=\"(max-width: 1024px) 100vw, 1024px\" \/><\/figure>\n\n\n\n<h5 class=\"wp-block-heading has-text-align-center\">Ministerio de Intercesi\u00f3n<\/h5>\n\n\n\n<p style=\"font-style:normal;font-weight:700\">L\u00edderes Arturo y Eika de Fern\u00e1ndez<\/p>\n\n\n\n<p>Nosotros el Ministerio de Intercesi\u00f3n somos los centinelas, las columnas que se encargan de orar por cada servicio de&nbsp; la iglesia, por los pastores, por cada miembro de nuestra congregaci\u00f3n para echar fuera todo plan del enemigo que se quiera interponer ante el prop\u00f3sito divino de Dios, que es dar su palabra!. A su vez oramos, intercedemos por cada petici\u00f3n que llegue por medio nuestro grupo de WhatsApp; las ponemos delante del Padre, creyendo que su poder y su gloria sea manifestada en cada necesidad del pr\u00f3jimo. Efesios 6:18, Filipenses 1:19.<\/p>\n<\/div>\n<\/div>\n\n\n\n<div class=\"wp-block-column is-layout-flow wp-block-column-is-layout-flow\">\n<figure class=\"wp-block-image size-full zoom\"><img loading=\"lazy\" decoding=\"async\" width=\"960\" height=\"960\" src=\"https:\/\/mavisionglobal.org\/wp-content\/uploads\/2023\/11\/ministerio-de-sonido-1a1.jpeg\" alt=\"\" class=\"wp-image-1052\" srcset=\"https:\/\/mavisionglobal.org\/wp-content\/uploads\/2023\/11\/ministerio-de-sonido-1a1.jpeg 960w, https:\/\/mavisionglobal.org\/wp-content\/uploads\/2023\/11\/ministerio-de-sonido-1a1-300x300.jpeg 300w, https:\/\/mavisionglobal.org\/wp-content\/uploads\/2023\/11\/ministerio-de-sonido-1a1-150x150.jpeg 150w, https:\/\/mavisionglobal.org\/wp-content\/uploads\/2023\/11\/ministerio-de-sonido-1a1-768x768.jpeg 768w\" sizes=\"(max-width: 960px) 100vw, 960px\" \/><\/figure>\n\n\n\n<h5 class=\"wp-block-heading has-text-align-center\">Ministerio de Sonido<\/h5>\n\n\n\n<p style=\"font-style:normal;font-weight:700\">L\u00edderes Mario G\u00f3mez y Sasha Blanco<\/p>\n\n\n\n<p class=\"zoom\">Se encarga de todo lo relacionado con los aparatos de audios del ministerio, ya sea instrumentos o equipo de sonido.<\/p>\n<\/div>\n\n\n\n<div class=\"wp-block-column is-layout-flow wp-block-column-is-layout-flow\">\n<figure class=\"wp-block-image size-full zoom\"><img loading=\"lazy\" decoding=\"async\" width=\"1080\" height=\"1080\" src=\"https:\/\/mavisionglobal.org\/wp-content\/uploads\/2023\/11\/ministerio-organizacion-integral.jpeg\" alt=\"\" class=\"wp-image-993\" srcset=\"https:\/\/mavisionglobal.org\/wp-content\/uploads\/2023\/11\/ministerio-organizacion-integral.jpeg 1080w, https:\/\/mavisionglobal.org\/wp-content\/uploads\/2023\/11\/ministerio-organizacion-integral-300x300.jpeg 300w, https:\/\/mavisionglobal.org\/wp-content\/uploads\/2023\/11\/ministerio-organizacion-integral-1024x1024.jpeg 1024w, https:\/\/mavisionglobal.org\/wp-content\/uploads\/2023\/11\/ministerio-organizacion-integral-150x150.jpeg 150w, https:\/\/mavisionglobal.org\/wp-content\/uploads\/2023\/11\/ministerio-organizacion-integral-768x768.jpeg 768w\" sizes=\"(max-width: 1080px) 100vw, 1080px\" \/><\/figure>\n\n\n\n<h5 class=\"wp-block-heading has-text-align-center\">Ministerio de Organizaci\u00f3n Integral<\/h5>\n\n\n\n<p style=\"font-style:normal;font-weight:700\">L\u00edderes Luis y Dyann de Agorrea<\/p>\n\n\n\n<p>Este ministerio es el autorizado de velar por el buen funcionamiento y engranaje de&nbsp; todos los ministerios;&nbsp; haciendo seguimiento, chequeos y acompa\u00f1amiento con cada uno de ellos. Es el responsable del orden y&nbsp;organizaci\u00f3n de la producci\u00f3n de servicios matutinos y servicios generales, evangelismo, vigilias, conferencias, entre otras actividades. C\u00f3mo dice la Palabra en 1 Corintios 14:40 NBV \u00abPero h\u00e1ganlo todo de manera correcta y ordenada\u00bb. <\/p>\n<\/div>\n<\/div>\n<\/div>\n\n\n\n<div class=\"wp-block-group has-global-padding is-layout-constrained wp-block-group-is-layout-constrained\">\n<div class=\"wp-block-columns is-layout-flex wp-container-core-columns-is-layout-28f84493 wp-block-columns-is-layout-flex\">\n<div class=\"wp-block-column is-layout-flow wp-block-column-is-layout-flow\">\n<div class=\"wp-block-group has-global-padding is-layout-constrained wp-block-group-is-layout-constrained\">\n<figure class=\"wp-block-image size-full zoom\"><img loading=\"lazy\" decoding=\"async\" width=\"1280\" height=\"1280\" src=\"https:\/\/mavisionglobal.org\/wp-content\/uploads\/2023\/11\/ministerio-de-tv-portada-ultima-13.11.2023.jpeg\" alt=\"\" class=\"wp-image-1069\" srcset=\"https:\/\/mavisionglobal.org\/wp-content\/uploads\/2023\/11\/ministerio-de-tv-portada-ultima-13.11.2023.jpeg 1280w, https:\/\/mavisionglobal.org\/wp-content\/uploads\/2023\/11\/ministerio-de-tv-portada-ultima-13.11.2023-300x300.jpeg 300w, https:\/\/mavisionglobal.org\/wp-content\/uploads\/2023\/11\/ministerio-de-tv-portada-ultima-13.11.2023-1024x1024.jpeg 1024w, https:\/\/mavisionglobal.org\/wp-content\/uploads\/2023\/11\/ministerio-de-tv-portada-ultima-13.11.2023-150x150.jpeg 150w, https:\/\/mavisionglobal.org\/wp-content\/uploads\/2023\/11\/ministerio-de-tv-portada-ultima-13.11.2023-768x768.jpeg 768w\" sizes=\"(max-width: 1280px) 100vw, 1280px\" \/><\/figure>\n\n\n\n<h5 class=\"wp-block-heading has-text-align-center\">Ministerio de Producci\u00f3n TV <\/h5>\n\n\n\n<p style=\"font-style:normal;font-weight:700\">L\u00edderes Eduardo y Maryelis  de Lara<\/p>\n\n\n\n<p>Se encarga de Difundir toda la informaci\u00f3n de nuestro ministerio, ya sea por redes sociales o por cualquier otro medio de comunicaci\u00f3n. Salmo 71:15: \u00abA todos les hablar\u00e9 de tu    justicia; todo el d\u00eda proclamar\u00e9 tu poder salvador, &nbsp;aunque no tengo facilidad de palabras\u00bb.<\/p>\n<\/div>\n<\/div>\n\n\n\n<div class=\"wp-block-column is-layout-flow wp-block-column-is-layout-flow\">\n<figure class=\"wp-block-image size-full zoom\"><img loading=\"lazy\" decoding=\"async\" width=\"1280\" height=\"1280\" src=\"https:\/\/mavisionglobal.org\/wp-content\/uploads\/2023\/10\/portada-ministerio-de-abuelos-vision-global.jpeg\" alt=\"\" class=\"wp-image-944\" srcset=\"https:\/\/mavisionglobal.org\/wp-content\/uploads\/2023\/10\/portada-ministerio-de-abuelos-vision-global.jpeg 1280w, https:\/\/mavisionglobal.org\/wp-content\/uploads\/2023\/10\/portada-ministerio-de-abuelos-vision-global-300x300.jpeg 300w, https:\/\/mavisionglobal.org\/wp-content\/uploads\/2023\/10\/portada-ministerio-de-abuelos-vision-global-1024x1024.jpeg 1024w, https:\/\/mavisionglobal.org\/wp-content\/uploads\/2023\/10\/portada-ministerio-de-abuelos-vision-global-150x150.jpeg 150w, https:\/\/mavisionglobal.org\/wp-content\/uploads\/2023\/10\/portada-ministerio-de-abuelos-vision-global-768x768.jpeg 768w\" sizes=\"(max-width: 1280px) 100vw, 1280px\" \/><\/figure>\n\n\n\n<h5 class=\"wp-block-heading has-text-align-center\">Ministerio de Abuelos<\/h5>\n\n\n\n<p style=\"font-style:normal;font-weight:700\"><strong>L\u00edder Luz Gamarra<\/strong><\/p>\n\n\n\n<p>Se encarga a todo lo relacionado con nuestros abuelos del ministerio, ayudarlos, apoyarlos y cuidarlos. Proverbios 16:31 \u00abCorona de honra es la vejez\u00bb.<\/p>\n<\/div>\n\n\n\n<div class=\"wp-block-column is-layout-flow wp-block-column-is-layout-flow\">\n<figure class=\"wp-block-image size-full zoom\"><img loading=\"lazy\" decoding=\"async\" width=\"484\" height=\"362\" src=\"https:\/\/mavisionglobal.org\/wp-content\/uploads\/2023\/11\/ministerio-servidores-portada-1.jpeg\" alt=\"\" class=\"wp-image-987\" style=\"aspect-ratio:1;object-fit:cover\" srcset=\"https:\/\/mavisionglobal.org\/wp-content\/uploads\/2023\/11\/ministerio-servidores-portada-1.jpeg 484w, https:\/\/mavisionglobal.org\/wp-content\/uploads\/2023\/11\/ministerio-servidores-portada-1-300x224.jpeg 300w\" sizes=\"(max-width: 484px) 100vw, 484px\" \/><\/figure>\n\n\n\n<h5 class=\"wp-block-heading has-text-align-center\">Ministerio de Servidores<\/h5>\n\n\n\n<p style=\"font-style:normal;font-weight:700\">L\u00edderes Luis y Oralis De La Rosa<\/p>\n\n\n\n<p>Se encarga de todo lo relacionado al servicio, cuidado, atenci\u00f3n a nuestro ministerio.       Lucas 22:27: \u00ab\u00bfQui\u00e9n es m\u00e1s importante: el que se sienta a la mesa o el que la sirve? El que se sienta a la mesa, por supuesto. \u00a1Pero en este caso no!, pues yo estoy entre ustedes como uno que sirve\u00bb.<\/p>\n<\/div>\n<\/div>\n<\/div>\n\n\n\n<div class=\"wp-block-group has-global-padding is-layout-constrained wp-block-group-is-layout-constrained\">\n<div class=\"wp-block-columns is-layout-flex wp-container-core-columns-is-layout-28f84493 wp-block-columns-is-layout-flex\">\n<div class=\"wp-block-column is-layout-flow wp-block-column-is-layout-flow\">\n<p><\/p>\n<\/div>\n\n\n\n<div class=\"wp-block-column is-layout-flow wp-block-column-is-layout-flow\">\n<p><\/p>\n<\/div>\n\n\n\n<div class=\"wp-block-column is-layout-flow wp-block-column-is-layout-flow\"><\/div>\n<\/div>\n<\/div>\n\n\n\n<div class=\"wp-block-group has-global-padding is-layout-constrained wp-block-group-is-layout-constrained\">\n<div class=\"wp-block-columns is-layout-flex wp-container-core-columns-is-layout-28f84493 wp-block-columns-is-layout-flex\">\n<div class=\"wp-block-column is-layout-flow wp-block-column-is-layout-flow\"><\/div>\n\n\n\n<div class=\"wp-block-column is-layout-flow wp-block-column-is-layout-flow\"><\/div>\n\n\n\n<div class=\"wp-block-column is-layout-flow wp-block-column-is-layout-flow\"><\/div>\n<\/div>\n<\/div>\n","protected":false},"excerpt":{"rendered":"<p>Ministerio de Adoraci\u00f3n L\u00edder Renier Valera Se encarga todo lo relacionado con el \u00e1rea musical de nuestro ministerio, como dice la palabra en \u00c9xodo 23:25: \u00abAdora al Se\u00f1or [&hellip;]<\/p>\n","protected":false},"author":1,"featured_media":0,"parent":0,"menu_order":0,"comment_status":"closed","ping_status":"closed","template":"","meta":{"footnotes":""},"class_list":["post-154","page","type-page","status-publish","hentry"],"_links":{"self":[{"href":"https:\/\/mavisionglobal.org\/index.php?rest_route=\/wp\/v2\/pages\/154","targetHints":{"allow":["GET"]}}],"collection":[{"href":"https:\/\/mavisionglobal.org\/index.php?rest_route=\/wp\/v2\/pages"}],"about":[{"href":"https:\/\/mavisionglobal.org\/index.php?rest_route=\/wp\/v2\/types\/page"}],"author":[{"embeddable":true,"href":"https:\/\/mavisionglobal.org\/index.php?rest_route=\/wp\/v2\/users\/1"}],"replies":[{"embeddable":true,"href":"https:\/\/mavisionglobal.org\/index.php?rest_route=%2Fwp%2Fv2%2Fcomments&post=154"}],"version-history":[{"count":124,"href":"https:\/\/mavisionglobal.org\/index.php?rest_route=\/wp\/v2\/pages\/154\/revisions"}],"predecessor-version":[{"id":1078,"href":"https:\/\/mavisionglobal.org\/index.php?rest_route=\/wp\/v2\/pages\/154\/revisions\/1078"}],"wp:attachment":[{"href":"https:\/\/mavisionglobal.org\/index.php?rest_route=%2Fwp%2Fv2%2Fmedia&parent=154"}],"curies":[{"name":"wp","href":"https:\/\/api.w.org\/{rel}","templated":true}]}}